{"id":40,"date":"2020-11-16T15:38:47","date_gmt":"2020-11-16T14:38:47","guid":{"rendered":"http:\/\/bzbgcdu.cluster030.hosting.ovh.net\/?page_id=40"},"modified":"2026-02-28T20:55:11","modified_gmt":"2026-02-28T19:55:11","slug":"expositions","status":"publish","type":"page","link":"https:\/\/www.michelcerfont.be\/?page_id=40","title":{"rendered":"Expositions"},"content":{"rendered":"\n<div class=\"wp-block-group\"><div class=\"wp-block-group__inner-container\">\n<div class=\"wp-block-columns\">\n<div class=\"wp-block-column\" style=\"flex-basis:100%\">\n<figure class=\"wp-block-table\">\n<table style=\"width: 100%; height: 1844px;\">\n<tbody>\n<tr style=\"height: 35px;\">\n<td style=\"height: 35px; width: 8.43949%;\">1975<\/td>\n<td style=\"height: 35px; width: 91.4013%;\">\u2022 \u00ab 500-5000 \u00bb Ch\u00e2teau Malou \u00e0 Bruxelles<\/td>\n<\/tr>\n<tr style=\"height: 35px;\">\n<td style=\"height: 35px; width: 8.43949%;\">1976<\/td>\n<td style=\"height: 35px; width: 91.4013%;\">\u2022 \u00ab Safari Artistique \u00bb Ch\u00e2teau Malou \u00e0 Bruxelles<\/td>\n<\/tr>\n<tr style=\"height: 56px;\">\n<td style=\"height: 56px; width: 8.43949%;\">1977<\/td>\n<td style=\"height: 56px; width: 91.4013%;\">\u2022 Galerie Artide \u00e0 Bruxelles<br \/>\u2022 \u00ab 25 Artistes autour de Paul DELVAUX \u00bb \u00e0 Aubel et Stolberg<\/td>\n<\/tr>\n<tr style=\"height: 35px;\">\n<td style=\"height: 35px; width: 8.43949%;\">1979<\/td>\n<td style=\"height: 35px; width: 91.4013%;\">\u2022 Exposition personnelle \u00ab Atelier Colpin \u00bb \u00e0 Bruxelles<\/td>\n<\/tr>\n<tr style=\"height: 56px;\">\n<td style=\"height: 56px; width: 8.43949%;\">1980<\/td>\n<td style=\"height: 56px; width: 91.4013%;\">\u2022 Groupe \u00ab ISME \u00bb Centre Culturel de Chiroux \u00e0 Li\u00e8ge<br \/>\u2022 Centre Culturel de Rosi\u00e8re<\/td>\n<\/tr>\n<tr style=\"height: 77px;\">\n<td style=\"height: 77px; width: 8.43949%;\">1981<\/td>\n<td style=\"height: 77px; width: 91.4013%;\">\u2022 \u00ab Arts et Techniques \u00bb M\u00e9diatine Ch\u00e2teau Malou \u00e0 Bruxelles.<br \/>\u2022 \u00ab L\u2019autre jeune peinture \u00bb gare centrale \u00e0 Bruxelles<br \/>\u2022 Hop Art II, H\u00f4pital Erasme \u00e0 Bruxelles.<\/td>\n<\/tr>\n<tr style=\"height: 35px;\">\n<td style=\"height: 35px; width: 8.43949%;\">1982<\/td>\n<td style=\"height: 35px; width: 91.4013%;\">\u2022 \u00ab European Champions\u2019Championship Tennis \u00bb, Palais des Sports d\u2019Anvers<\/td>\n<\/tr>\n<tr style=\"height: 35px;\">\n<td style=\"height: 35px; width: 8.43949%;\">1983<\/td>\n<td style=\"height: 35px; width: 91.4013%;\">\u2022 \u00ab 20 dessinateurs \u00bb Ch\u00e2teau Malou \u00e0 Bruxelles<\/td>\n<\/tr>\n<tr style=\"height: 56px;\">\n<td style=\"height: 56px; width: 8.43949%;\">1984<\/td>\n<td style=\"height: 56px; width: 91.4013%;\">\u2022 \u00ab Salon de Mai \u00bb Centre Culturel Jacques Franck \u00e0 Bruxelles<br \/>\u2022 \u00ab Multiples 84 \u00bb Centre d\u2019Art Contemporain \u00ab La Ch\u00e2taigneraie \u00bb \u00e0 Fl\u00e9malle<\/td>\n<\/tr>\n<tr style=\"height: 56px;\">\n<td style=\"height: 56px; width: 8.43949%;\">1985<\/td>\n<td style=\"height: 56px; width: 91.4013%;\">\u2022\u00a020\u00e8me f\u00eates de la Saint Martin \u00ab Jean S\u00e9bastien Bach \u00bb \u00e0 Tourinnes-la-Grosse<\/td>\n<\/tr>\n<tr style=\"height: 56px;\">\n<td style=\"height: 56px; width: 8.43949%;\">1986<\/td>\n<td style=\"height: 56px; width: 91.4013%;\">\u2022\u00a0\u00ab Les Soir\u00e9es Louise \u00bb \u00e0 Bruxelles<br \/>\u2022\u00a0D\u00e9fil\u00e9 \u00ab Chapeaux \u00bb au Cocotier \u00e0 Louvain la Neuve<\/td>\n<\/tr>\n<tr style=\"height: 35px;\">\n<td style=\"height: 35px; width: 8.43949%;\">1988<\/td>\n<td style=\"height: 35px; width: 91.4013%;\">\u2022\u00a0\u00ab Fibre et Fil et Velem \u00bb Galerie Budapest en Hongrie.<\/td>\n<\/tr>\n<tr style=\"height: 98px;\">\n<td style=\"height: 98px; width: 8.43949%;\">1992<\/td>\n<td style=\"height: 98px; width: 91.4013%;\">\u2022\u00a0\u00ab Tensions \u2013 Vibrations \u2013 Contrastes \u00bb Galerie du Parvis \u00e0 Bruxelles<br \/>\u2022\u00a0Exposition au profit de la Fondation Auschwitz, Palais des Beaux Arts de<br \/>Bruxelles<br \/>\u2022\u00a0Centre Culturel de Bornem, groupe Fibre et Fil<\/td>\n<\/tr>\n<tr style=\"height: 77px;\">\n<td style=\"height: 77px; width: 8.43949%;\">1993<\/td>\n<td style=\"height: 77px; width: 91.4013%;\">\u2022\u00a0Fondation pour l\u2019Art Belge Contemporain \u00e0 Bruxelles<br \/>\u2022\u00a0\u00ab Correspondance \u00bb, Espace-Partenaire \u00e0 Hamois en Condroz<br \/>\u2022\u00a0Hilton Gallery, Bruxelles<\/td>\n<\/tr>\n<tr style=\"height: 56px;\">\n<td style=\"height: 56px; width: 8.43949%;\">1994<\/td>\n<td style=\"height: 56px; width: 91.4013%;\">\u2022\u00a0Galerie Tri\u00e8dre, Ohain.<br \/>\u2022\u00a0\u00ab Parcours Couleurs \u00bb, parcours d\u2019artistes \u00e0 Bruxelles<\/td>\n<\/tr>\n<tr style=\"height: 35px;\">\n<td style=\"height: 35px; width: 8.43949%;\">1995<\/td>\n<td style=\"height: 35px; width: 91.4013%;\">\u2022\u00a0\u00ab Traces d\u2019Histoires \u00bb, Ch\u00e2teau du Karreveld, Bruxelles<\/td>\n<\/tr>\n<tr style=\"height: 77px;\">\n<td style=\"height: 77px; width: 8.43949%;\">1996<\/td>\n<td style=\"height: 77px; width: 91.4013%;\">\u2022\u00a0\u00ab Chaises en sc\u00e8ne \u00bb, Parcours d\u2019Artistes \u00e0 Bruxelles<br \/>\u2022\u00a0\u00ab Liminal \u00bb Abbaye de Forest, Bruxelles<br \/>\u2022 Galerie Daelhoxent, Kleine Brogel<\/td>\n<\/tr>\n<tr style=\"height: 56px;\">\n<td style=\"height: 56px; width: 8.43949%;\">1997<\/td>\n<td style=\"height: 56px; width: 91.4013%;\">\u2022\u00a0\u00ab Essentiel \u00bb, Villa Eksternest \u00e0 Roulers<br \/>\u2022\u00a0Galerie Juv\u00e9nal, Fondation Bolly-Charlier \u00e0 Huy<\/td>\n<\/tr>\n<tr style=\"height: 56px;\">\n<td style=\"height: 56px; width: 8.43949%;\">1998<\/td>\n<td style=\"height: 56px; width: 91.4013%;\">\u2022\u00a0\u00abParagraphe \u00bb, Maison Hoguet \u00e0 Bruxelles<br \/>\u2022\u00a0\u00ab Epidermes \u00bb, Galerie M\u00e9diatine \u00e0 Bruxelles<\/td>\n<\/tr>\n<tr style=\"height: 35px;\">\n<td style=\"height: 35px; width: 8.43949%;\">1999<\/td>\n<td style=\"height: 35px; width: 91.4013%;\">\u2022\u00a0\u00ab Nuit de l\u2019imaginaire \u00bb, Abbaye de Villers-la-Ville<\/td>\n<\/tr>\n<tr style=\"height: 77px;\">\n<td style=\"height: 77px; width: 8.43949%;\">2000<\/td>\n<td style=\"height: 77px; width: 91.4013%;\">\u2022\u00a0\u00ab Florilegium 2 \u00bb, Fondation pour l\u2019Art Belge Contemporain, Bruxelles<br \/>\u2022\u00a0Galerie l\u2019Arsenal, Namur<br \/>\u2022\u00a0\u00ab Vingt temps \u00bb, Galerie M\u00e9diatine, Bruxelles<\/td>\n<\/tr>\n<tr style=\"height: 35px;\">\n<td style=\"height: 35px; width: 8.43949%;\">2001<\/td>\n<td style=\"height: 35px; width: 91.4013%;\">\u2022\u00a0\u00ab F\u00eates de la Saint Martin \u00bb, Tourinnes-la-Grosse<\/td>\n<\/tr>\n<tr style=\"height: 35px;\">\n<td style=\"height: 35px; width: 8.43949%;\">2002<\/td>\n<td style=\"height: 35px; width: 91.4013%;\">\u2022\u00a0\u00ab Identit\u00e9 \u00bb, ACE production, Bruxelles<\/td>\n<\/tr>\n<tr style=\"height: 35px;\">\n<td style=\"height: 35px; width: 8.43949%;\">2004<\/td>\n<td style=\"height: 35px; width: 91.4013%;\">\u2022\u00a0\u00ab Relations \u00bb, Galerie de Oude Pastorie, Kapelle op den Bos<\/td>\n<\/tr>\n<tr style=\"height: 56px;\">\n<td style=\"height: 56px; width: 8.43949%;\">2005<\/td>\n<td style=\"height: 56px; width: 91.4013%;\">\u2022\u00a0\u00ab Birdinvest \u00bb, Ch\u00e2teau de Rullingen, Borgloon<br \/>\u2022\u00a0\u00ab Birdinvest \u00bb, Ancienne Abbaye d\u2019Aywiers, Lasne<\/td>\n<\/tr>\n<tr style=\"height: 35px;\">\n<td style=\"height: 35px; width: 8.43949%;\">2006<\/td>\n<td style=\"height: 35px; width: 91.4013%;\">\u2022\u00a0\u00ab Jardins int\u00e9rieurs \u00bb, Abbaye de Forest, Bruxelles<\/td>\n<\/tr>\n<tr style=\"height: 35px;\">\n<td style=\"height: 35px; width: 8.43949%;\">2008<\/td>\n<td style=\"height: 35px; width: 91.4013%;\">\u2022\u00a0\u00ab Dualit\u00e9 \u00bb, Galerie Espace Blanche, Bruxelles<\/td>\n<\/tr>\n<tr style=\"height: 56px;\">\n<td style=\"height: 56px; width: 8.43949%;\">2012<\/td>\n<td style=\"height: 56px; width: 91.4013%;\">\u2022\u00a0\u00abPetits formats\u00bb, Th\u00e9\u00e2tre Wolubilis, Bruxelles<br \/>\u2022\u00a0\u00abD\u00e9dales Arachn\u00e9ens\u00bb, Galerie M\u00e9diatine, Bruxelles<\/td>\n<\/tr>\n<tr style=\"height: 35px;\">\n<td style=\"height: 35px; width: 8.43949%;\">2013<\/td>\n<td style=\"height: 35px; width: 91.4013%;\">\u2022\u00a0\u00abPetits formats\u00bb, Th\u00e9\u00e2tre Wolubilis, Bruxelles<\/td>\n<\/tr>\n<tr style=\"height: 77px;\">\n<td style=\"height: 77px; width: 8.43949%;\">2014<\/td>\n<td style=\"height: 77px; width: 91.4013%;\">\u2022\u00a0\u00abCarte de Visite ARTopen Kunst\u00bb, Anc. Ets Vandenborght, Bruxelles<br \/>\u2022\u00a0\u00abPetits formats\u00bb, Centre Culturel Wolubilis, Bruxelles<br \/>\u2022\u00a0\u00abDuo\u00bb, Galerie Artbeat, Bruxelles<\/td>\n<\/tr>\n<tr style=\"height: 56px;\">\n<td style=\"height: 56px; width: 8.43949%;\">2015<\/td>\n<td style=\"height: 56px; width: 91.4013%;\">\u2022\u00a0\u00abArt Truc Troc\u00bb, Bozar, Bruxelles<br \/>\u2022\u00a0\u00abPetits formats\u00bb, Centre Culturel Wolubilis, Bruxelles<\/td>\n<\/tr>\n<tr style=\"height: 77px;\">\n<td style=\"height: 77px; width: 8.43949%;\">2016<\/td>\n<td style=\"height: 77px; width: 91.4013%;\">\u2022\u00a0\u00abArt Truc Troc\u00bb, Bozar, Bruxelles<br \/>\u2022\u00a0\u00abCarte de Visite ARTopen Kunst\u00bb, Anc. Ets Vandenborght, Bruxelles<br \/>\u2022\u00a0\u00abUrgences Gr\u00e8ce\u00bb, Universit\u00e9 Libre de Bruxelles<\/td>\n<\/tr>\n<tr style=\"height: 56px;\">\n<td style=\"height: 56px; width: 8.43949%;\">2017<\/td>\n<td style=\"height: 56px; width: 91.4013%;\">\u2022\u00a0\u00abArt Truc Troc\u00bb, Bozar, Bruxelles<br \/>\u2022\u00a0\u00abPetits formats\u00bb, Centre Culturel Wolubilis, Bruxelles<\/td>\n<\/tr>\n<tr style=\"height: 77px;\">\n<td style=\"height: 77px; width: 8.43949%;\">2018<\/td>\n<td style=\"height: 77px; width: 91.4013%;\">\u2022\u00a0\u00abArt Truc Troc\u00bb, Bozar, Bruxelles<br \/>\u2022\u00a0\u00abFocus collection Artoth\u00e8que Wolubilis\u00bb, Galerie M\u00e9diatine, Bruxelles<br \/>\u2022\u00a0\u00abPetits formats\u00bb, Centre Culturel Wolubilis, Galerie M\u00e9diatine, Bruxelles<\/td>\n<\/tr>\n<tr>\n<td style=\"width: 8.43949%;\">2019<\/td>\n<td style=\"width: 91.4013%;\">\u2022 \u00abArt Truc Troc\u00bb, Bozar, Bruxelles<br \/>\u2022 \u00abPetits formats\u00bb, Centre Culturel Wolubilis, Galerie M\u00e9diatine, Bruxelles<\/td>\n<\/tr>\n<tr style=\"height: 35px;\">\n<td style=\"width: 8.43949%; height: 35px;\">2020<\/td>\n<td style=\"width: 91.4013%; height: 35px;\">\u2022 \u00abArt Truc Troc\u00bb, Bozar, Bruxelles<\/td>\n<\/tr>\n<tr>\n<td style=\"width: 8.43949%;\">2021<\/td>\n<td style=\"width: 91.4013%;\">\u2022 \u00abPetits formats\u00bb, Centre Culturel Wolubilis, Bruxelles<\/td>\n<\/tr>\n<tr>\n<td style=\"width: 8.43949%;\">2022<\/td>\n<td style=\"width: 91.4013%;\">\n<p><span style=\"color: #000000;\">\u2022 \u00abPetits formats\u00bb, Centre Culturel Wolubilis, Galerie M\u00e9diatine, Bruxelles<\/span><br \/><span style=\"color: #000000;\">\u2022 Galerie Ch\u00eane Local, Bruxelles<\/span><\/p>\n<\/td>\n<\/tr>\n<tr>\n<td style=\"width: 8.43949%;\">2026<\/td>\n<td style=\"width: 91.4013%;\">\n<p><span style=\"color: #000000;\">\u2022 Chambres avec Vues (Collectif SOLOS), Hospice d&rsquo;Harscamp, Namur<\/span><\/p>\n<\/td>\n<\/tr>\n<\/tbody>\n<\/table>\n<\/figure>\n<\/div>\n<\/div>\n<\/div><\/div>\n\n\n\n<p><\/p>\n","protected":false},"excerpt":{"rendered":"","protected":false},"author":1,"featured_media":0,"parent":0,"menu_order":0,"comment_status":"closed","ping_status":"closed","template":"","meta":{"_links_to":"","_links_to_target":""},"_links":{"self":[{"href":"https:\/\/www.michelcerfont.be\/index.php?rest_route=\/wp\/v2\/pages\/40"}],"collection":[{"href":"https:\/\/www.michelcerfont.be\/index.php?rest_route=\/wp\/v2\/pages"}],"about":[{"href":"https:\/\/www.michelcerfont.be\/index.php?rest_route=\/wp\/v2\/types\/page"}],"author":[{"embeddable":true,"href":"https:\/\/www.michelcerfont.be\/index.php?rest_route=\/wp\/v2\/users\/1"}],"replies":[{"embeddable":true,"href":"https:\/\/www.michelcerfont.be\/index.php?rest_route=%2Fwp%2Fv2%2Fcomments&post=40"}],"version-history":[{"count":53,"href":"https:\/\/www.michelcerfont.be\/index.php?rest_route=\/wp\/v2\/pages\/40\/revisions"}],"predecessor-version":[{"id":539,"href":"https:\/\/www.michelcerfont.be\/index.php?rest_route=\/wp\/v2\/pages\/40\/revisions\/539"}],"wp:attachment":[{"href":"https:\/\/www.michelcerfont.be\/index.php?rest_route=%2Fwp%2Fv2%2Fmedia&parent=40"}],"curies":[{"name":"wp","href":"https:\/\/api.w.org\/{rel}","templated":true}]}}